{"id":787,"date":"2023-03-29T15:43:55","date_gmt":"2023-03-29T15:43:55","guid":{"rendered":"https:\/\/shop.marmotte.ch\/datenschutzerklaerung\/"},"modified":"2023-10-09T02:11:22","modified_gmt":"2023-10-09T02:11:22","slug":"datenschutzerklaerung","status":"publish","type":"page","link":"https:\/\/shop.marmotte.ch\/de\/datenschutzerklaerung\/","title":{"rendered":"Datenschutzerkl\u00e4rung"},"content":{"rendered":"<style>.kadence-column787_1af545-c4 > .kt-inside-inner-col{padding-top:var(--global-kb-spacing-md, 2rem);padding-right:var(--global-kb-spacing-md, 2rem);padding-bottom:var(--global-kb-spacing-md, 2rem);padding-left:var(--global-kb-spacing-md, 2rem);}.kadence-column787_1af545-c4 > .kt-inside-inner-col,.kadence-column787_1af545-c4 > .kt-inside-inner-col:before{border-top-left-radius:0px;border-top-right-radius:0px;border-bottom-right-radius:0px;border-bottom-left-radius:0px;}.kadence-column787_1af545-c4 > .kt-inside-inner-col{column-gap:var(--global-kb-gap-sm, 1rem);}.kadence-column787_1af545-c4 > .kt-inside-inner-col{flex-direction:column;}.kadence-column787_1af545-c4 > .kt-inside-inner-col > .aligncenter{width:100%;}.kadence-column787_1af545-c4 > .kt-inside-inner-col:before{opacity:0.3;}.kadence-column787_1af545-c4{position:relative;}@media all and (max-width: 1024px){.kadence-column787_1af545-c4 > .kt-inside-inner-col{flex-direction:column;justify-content:center;}}@media all and (max-width: 767px){.kadence-column787_1af545-c4 > .kt-inside-inner-col{flex-direction:column;justify-content:center;}}<\/style>\n<div class=\"wp-block-kadence-column kadence-column787_1af545-c4\"><div class=\"kt-inside-inner-col\"><style>.wp-block-kadence-advancedheading.kt-adv-heading787_5eb578-2a, .wp-block-kadence-advancedheading.kt-adv-heading787_5eb578-2a[data-kb-block=\"kb-adv-heading787_5eb578-2a\"]{font-style:normal;}.wp-block-kadence-advancedheading.kt-adv-heading787_5eb578-2a mark.kt-highlight, .wp-block-kadence-advancedheading.kt-adv-heading787_5eb578-2a[data-kb-block=\"kb-adv-heading787_5eb578-2a\"] mark.kt-highlight{font-style:normal;color:#f76a0c;-webkit-box-decoration-break:clone;box-decoration-break:clone;padding-top:0px;padding-right:0px;padding-bottom:0px;padding-left:0px;}.wp-block-kadence-advancedheading.kt-adv-heading787_5eb578-2a img.kb-inline-image, .wp-block-kadence-advancedheading.kt-adv-heading787_5eb578-2a[data-kb-block=\"kb-adv-heading787_5eb578-2a\"] img.kb-inline-image{width:150px;vertical-align:baseline;}<\/style>\n<h1 class=\"kt-adv-heading787_5eb578-2a wp-block-kadence-advancedheading\" data-kb-block=\"kb-adv-heading787_5eb578-2a\">Datenschutzerkl\u00e4rung<\/h1>\n\n\n\n<p><strong>Brasserie la Marmotte SA<\/strong><br>Route des Sommets de Crans 1<br>3963 Crans-Montana<br>Schweiz<br>E-Mail: cransmontana@brasserie-la-marmotte.ch<\/p>\n\n\n\n<p>Personen, die befugt sind, den Verein zu vertreten<br>Yves Klinger<\/p>\n\n\n\n<p>Name des Unternehmens: Brasserie la Marmotte SA<\/p>\n\n\n\n<p>Datenschutzbeauftragte Person :<br>Yves Klinger<br>+41 27 481 34 14<br>cransmontana@brasserie-la-marmotte.ch<\/p>\n\n\n<style>.wp-block-kadence-advancedheading.kt-adv-heading787_dc600e-73, .wp-block-kadence-advancedheading.kt-adv-heading787_dc600e-73[data-kb-block=\"kb-adv-heading787_dc600e-73\"]{font-style:normal;}.wp-block-kadence-advancedheading.kt-adv-heading787_dc600e-73 mark.kt-highlight, .wp-block-kadence-advancedheading.kt-adv-heading787_dc600e-73[data-kb-block=\"kb-adv-heading787_dc600e-73\"] mark.kt-highlight{font-style:normal;color:#f76a0c;-webkit-box-decoration-break:clone;box-decoration-break:clone;padding-top:0px;padding-right:0px;padding-bottom:0px;padding-left:0px;}.wp-block-kadence-advancedheading.kt-adv-heading787_dc600e-73 img.kb-inline-image, .wp-block-kadence-advancedheading.kt-adv-heading787_dc600e-73[data-kb-block=\"kb-adv-heading787_dc600e-73\"] img.kb-inline-image{width:150px;vertical-align:baseline;}<\/style>\n<h3 class=\"kt-adv-heading787_dc600e-73 wp-block-kadence-advancedheading\" data-kb-block=\"kb-adv-heading787_dc600e-73\">Unsere Filialen und Marken<\/h3>\n\n\n<div class=\"gb-grid-wrapper gb-grid-wrapper-8f46b6e6\">\n<div class=\"gb-grid-column gb-grid-column-6a4db9c7\"><div class=\"gb-container gb-container-6a4db9c7\">\n\n<p><strong>Brasserie la Marmotte SA<\/strong><br>Niederlassung Biel<br>Seervorstadt 79<br>CH 2502 Biel\/Bienne<br>Tel : +41 32 322 05 93<\/p>\n\n<\/div><\/div>\n\n<div class=\"gb-grid-column gb-grid-column-e6367b02\"><div class=\"gb-container gb-container-e6367b02\">\n\n<p><strong>Atelier Verdan<\/strong><br>Seervorstadt 79<br>CH 2502 Biel\/Bienne<br>Tel : +41 32 322 05 93<\/p>\n\n<\/div><\/div>\n\n<div class=\"gb-grid-column gb-grid-column-c2381749\"><div class=\"gb-container gb-container-c2381749\">\n\n<p><strong>L\u00f6\u00f6li Bier \u2013 B\u00dcR<\/strong><br>Spittelgasse 18<br>CH 3294 B\u00fcren an der Aare<br>Tel : +41 32 530 14 16<\/p>\n\n<\/div><\/div>\n<\/div>\n\n<style>.wp-block-kadence-advancedheading.kt-adv-heading787_ac48a0-fd, .wp-block-kadence-advancedheading.kt-adv-heading787_ac48a0-fd[data-kb-block=\"kb-adv-heading787_ac48a0-fd\"]{font-style:normal;}.wp-block-kadence-advancedheading.kt-adv-heading787_ac48a0-fd mark.kt-highlight, .wp-block-kadence-advancedheading.kt-adv-heading787_ac48a0-fd[data-kb-block=\"kb-adv-heading787_ac48a0-fd\"] mark.kt-highlight{font-style:normal;color:#f76a0c;-webkit-box-decoration-break:clone;box-decoration-break:clone;padding-top:0px;padding-right:0px;padding-bottom:0px;padding-left:0px;}.wp-block-kadence-advancedheading.kt-adv-heading787_ac48a0-fd img.kb-inline-image, .wp-block-kadence-advancedheading.kt-adv-heading787_ac48a0-fd[data-kb-block=\"kb-adv-heading787_ac48a0-fd\"] img.kb-inline-image{width:150px;vertical-align:baseline;}<\/style>\n<h3 class=\"kt-adv-heading787_ac48a0-fd wp-block-kadence-advancedheading\" data-kb-block=\"kb-adv-heading787_ac48a0-fd\">Unsere Webseiten<\/h3>\n\n\n\n<ul class=\"wp-block-list\">\n<li><a href=\"https:\/\/loeoeli-bier.ch\/\"><\/a><a href=\"https:\/\/atelier-verdan.ch\/\">atelier-verdan.ch<\/a><\/li>\n\n\n\n<li><a href=\"https:\/\/buer.ch\/\">buer.ch<\/a><\/li>\n\n\n\n<li><a href=\"https:\/\/brasserie-la-marmotte.ch\/\">brasserie-la-marmotte.ch<\/a><\/li>\n\n\n\n<li><a href=\"https:\/\/cafe-choucas.ch\/\">cafe-choucas.ch<\/a><\/li>\n\n\n\n<li><a rel=\"noreferrer noopener\" href=\"http:\/\/www.du-chene.ch\/\" target=\"_blank\">du-chene.ch<\/a><\/li>\n\n\n\n<li><a href=\"https:\/\/loeoeli-bier.ch\/\">loeoeli-bier.ch<\/a><\/li>\n\n\n\n<li><a rel=\"noreferrer noopener\" href=\"http:\/\/www.misterix.ch\/\" target=\"_blank\">misterix.ch<\/a><\/li>\n\n\n\n<li><a rel=\"noreferrer noopener\" href=\"http:\/\/www.pommeverte.ch\/\" target=\"_blank\">pommeverte.ch<\/a><\/li>\n\n\n\n<li><a href=\"https:\/\/shop.marmotte.ch\/de\/\">shop.marmotte.ch<\/a><br><\/li>\n<\/ul>\n\n\n<style>.wp-block-kadence-advancedheading.kt-adv-heading787_75191b-78, .wp-block-kadence-advancedheading.kt-adv-heading787_75191b-78[data-kb-block=\"kb-adv-heading787_75191b-78\"]{font-style:normal;}.wp-block-kadence-advancedheading.kt-adv-heading787_75191b-78 mark.kt-highlight, .wp-block-kadence-advancedheading.kt-adv-heading787_75191b-78[data-kb-block=\"kb-adv-heading787_75191b-78\"] mark.kt-highlight{font-style:normal;color:#f76a0c;-webkit-box-decoration-break:clone;box-decoration-break:clone;padding-top:0px;padding-right:0px;padding-bottom:0px;padding-left:0px;}.wp-block-kadence-advancedheading.kt-adv-heading787_75191b-78 img.kb-inline-image, .wp-block-kadence-advancedheading.kt-adv-heading787_75191b-78[data-kb-block=\"kb-adv-heading787_75191b-78\"] img.kb-inline-image{width:150px;vertical-align:baseline;}<\/style>\n<h2 class=\"kt-adv-heading787_75191b-78 wp-block-kadence-advancedheading\" data-kb-block=\"kb-adv-heading787_75191b-78\">Allgemeines\/Einf\u00fchrung<\/h2>\n\n\n<style>.wp-block-kadence-advancedheading.kt-adv-heading787_ee2f6a-a9, .wp-block-kadence-advancedheading.kt-adv-heading787_ee2f6a-a9[data-kb-block=\"kb-adv-heading787_ee2f6a-a9\"]{font-style:normal;}.wp-block-kadence-advancedheading.kt-adv-heading787_ee2f6a-a9 mark.kt-highlight, .wp-block-kadence-advancedheading.kt-adv-heading787_ee2f6a-a9[data-kb-block=\"kb-adv-heading787_ee2f6a-a9\"] mark.kt-highlight{font-style:normal;color:#f76a0c;-webkit-box-decoration-break:clone;box-decoration-break:clone;padding-top:0px;padding-right:0px;padding-bottom:0px;padding-left:0px;}.wp-block-kadence-advancedheading.kt-adv-heading787_ee2f6a-a9 img.kb-inline-image, .wp-block-kadence-advancedheading.kt-adv-heading787_ee2f6a-a9[data-kb-block=\"kb-adv-heading787_ee2f6a-a9\"] img.kb-inline-image{width:150px;vertical-align:baseline;}<\/style>\n<p class=\"kt-adv-heading787_ee2f6a-a9 wp-block-kadence-advancedheading\" data-kb-block=\"kb-adv-heading787_ee2f6a-a9\">Gem\u00e4\u00df Artikel 13 der Schweizer Bundesverfassung und den eidgen\u00f6ssischen Bestimmungen zum Datenschutz (Datenschutzgesetz, DSG) hat jede Person das Recht auf Schutz ihrer Privatsph\u00e4re sowie auf Schutz vor Missbrauch ihrer pers\u00f6nlichen Daten. Die Betreiber dieser Seiten nehmen den Schutz Ihrer pers\u00f6nlichen Daten sehr ernst. Wir behandeln Ihre personenbezogenen Daten vertraulich und entsprechend der gesetzlichen Datenschutzvorschriften sowie dieser Datenschutzerkl\u00e4rung.<\/p>\n\n\n\n<p>In Zusammenarbeit mit unseren Hosting-Anbietern bem\u00fchen wir uns, die Datenbanken so weit wie m\u00f6glich vor unbefugtem Zugriff, Verlust, Missbrauch oder Verf\u00e4lschung zu sch\u00fctzen.<\/p>\n\n\n\n<p>Wir weisen darauf hin, dass die Daten\u00fcbertragung im Internet (z. B. bei der Kommunikation per E-Mail) Sicherheitsl\u00fccken aufweisen kann. Ein vollst\u00e4ndiger Schutz der Daten vor dem Zugriff durch Dritte ist nicht m\u00f6glich.<\/p>\n\n\n\n<p>Durch die Nutzung dieser Website erkl\u00e4ren Sie sich mit der Erhebung, Verarbeitung und Nutzung von Daten gem\u00e4\u00df der nachfolgenden Beschreibung einverstanden. Diese Website kann grunds\u00e4tzlich ohne Registrierung besucht werden. Daten wie die aufgerufenen Seiten oder die Namen der aufgerufenen Dateien, Datum und Uhrzeit werden zu statistischen Zwecken auf dem Server gespeichert, ohne dass diese Daten direkt mit Ihrer Person in Verbindung gebracht werden. Soweit auf unseren Seiten personenbezogene Daten (beispielsweise Name, Anschrift oder E-Mail-Adressen) erhoben werden, erfolgt dies, soweit m\u00f6glich, stets auf freiwilliger Basis. Diese Daten werden ohne Ihre ausdr\u00fcckliche Zustimmung nicht an Dritte weitergegeben.<\/p>\n\n\n<style>.wp-block-kadence-advancedheading.kt-adv-heading787_d72ebb-da, .wp-block-kadence-advancedheading.kt-adv-heading787_d72ebb-da[data-kb-block=\"kb-adv-heading787_d72ebb-da\"]{font-style:normal;}.wp-block-kadence-advancedheading.kt-adv-heading787_d72ebb-da mark.kt-highlight, .wp-block-kadence-advancedheading.kt-adv-heading787_d72ebb-da[data-kb-block=\"kb-adv-heading787_d72ebb-da\"] mark.kt-highlight{font-style:normal;color:#f76a0c;-webkit-box-decoration-break:clone;box-decoration-break:clone;padding-top:0px;padding-right:0px;padding-bottom:0px;padding-left:0px;}.wp-block-kadence-advancedheading.kt-adv-heading787_d72ebb-da img.kb-inline-image, .wp-block-kadence-advancedheading.kt-adv-heading787_d72ebb-da[data-kb-block=\"kb-adv-heading787_d72ebb-da\"] img.kb-inline-image{width:150px;vertical-align:baseline;}<\/style>\n<h2 class=\"kt-adv-heading787_d72ebb-da wp-block-kadence-advancedheading\" data-kb-block=\"kb-adv-heading787_d72ebb-da\">Verarbeitung von personenbezogenen Daten<\/h2>\n\n\n\n<p>Personenbezogene Daten sind alle Informationen, die sich auf eine identifizierte oder identifizierbare Person beziehen. Eine betroffene Person ist eine Person, \u00fcber die personenbezogene Daten verarbeitet werden. Die Verarbeitung umfasst jeden Umgang mit personenbezogenen Daten, unabh\u00e4ngig von den verwendeten Mitteln und Verfahren, einschlie\u00dflich der Speicherung, Weitergabe, Beschaffung, L\u00f6schung, Aufbewahrung, Ver\u00e4nderung, Vernichtung und Nutzung personenbezogener Daten.<\/p>\n\n\n\n<p>Wir verarbeiten personenbezogene Daten in \u00dcbereinstimmung mit der Schweizer Datenschutzgesetzgebung. Wenn und soweit die EU-DSGVO anwendbar ist, verarbeiten wir dar\u00fcber hinaus personenbezogene Daten auf den folgenden Rechtsgrundlagen in Verbindung mit Art. 6 (1) GDPR :<br>lit. a) Verarbeitung personenbezogener Daten mit der Einwilligung der betroffenen Person.<br>lit. b) Verarbeitung personenbezogener Daten f\u00fcr die Erf\u00fcllung eines Vertrags mit der betroffenen Person sowie f\u00fcr die Durchf\u00fchrung entsprechender vorvertraglicher Ma\u00dfnahmen.<br>lit. c) Verarbeitung personenbezogener Daten zur Erf\u00fcllung einer rechtlichen Verpflichtung, der wir nach geltendem Recht in der EU oder nach geltendem Recht in einem Land, in dem die GDPR ganz oder teilweise anwendbar ist, unterliegen.<br>lit. d) Verarbeitung personenbezogener Daten zur Wahrung lebenswichtiger Interessen der betroffenen Person oder einer anderen nat\u00fcrlichen Person.<br>lit. f) Verarbeitung personenbezogener Daten zur Wahrung unserer berechtigten Interessen oder der Interessen Dritter, sofern die Grundfreiheiten sowie die Rechte und Interessen der betroffenen Person nicht \u00fcberwiegen. Zu den berechtigten Interessen geh\u00f6ren insbesondere unser gesch\u00e4ftliches Interesse, unsere Website zur Verf\u00fcgung stellen zu k\u00f6nnen, die Sicherheit der Informationen, die Durchsetzung unserer eigenen Rechtsanspr\u00fcche und die Einhaltung des Schweizer Rechts.<\/p>\n\n\n\n<p>Wir verarbeiten personenbezogene Daten so lange, wie es f\u00fcr den jeweiligen Zweck oder die jeweiligen Zwecke erforderlich ist. Im Falle einer l\u00e4ngerfristigen Aufbewahrungspflicht aufgrund gesetzlicher oder anderer Verpflichtungen, denen wir unterliegen, schr\u00e4nken wir die Verarbeitung entsprechend ein.<\/p>\n\n\n<style>.wp-block-kadence-advancedheading.kt-adv-heading787_6aa177-b2, .wp-block-kadence-advancedheading.kt-adv-heading787_6aa177-b2[data-kb-block=\"kb-adv-heading787_6aa177-b2\"]{font-style:normal;}.wp-block-kadence-advancedheading.kt-adv-heading787_6aa177-b2 mark.kt-highlight, .wp-block-kadence-advancedheading.kt-adv-heading787_6aa177-b2[data-kb-block=\"kb-adv-heading787_6aa177-b2\"] mark.kt-highlight{font-style:normal;color:#f76a0c;-webkit-box-decoration-break:clone;box-decoration-break:clone;padding-top:0px;padding-right:0px;padding-bottom:0px;padding-left:0px;}.wp-block-kadence-advancedheading.kt-adv-heading787_6aa177-b2 img.kb-inline-image, .wp-block-kadence-advancedheading.kt-adv-heading787_6aa177-b2[data-kb-block=\"kb-adv-heading787_6aa177-b2\"] img.kb-inline-image{width:150px;vertical-align:baseline;}<\/style>\n<h2 class=\"kt-adv-heading787_6aa177-b2 wp-block-kadence-advancedheading\" data-kb-block=\"kb-adv-heading787_6aa177-b2\">Cookies<\/h2>\n\n\n\n<p>Diese Website verwendet Cookies. Dies sind kleine Textdateien, die es erm\u00f6glichen, nutzerspezifische Informationen auf dem Endger\u00e4t des Nutzers zu speichern, w\u00e4hrend dieser die Website nutzt. Cookies erm\u00f6glichen es insbesondere, die Nutzungsh\u00e4ufigkeit und die Anzahl der Nutzer der Seiten zu ermitteln, Verhaltensmuster bei der Nutzung der Seiten zu analysieren, aber auch unser Angebot nutzerfreundlicher zu gestalten. Cookies bleiben \u00fcber das Ende einer Browsersitzung hinaus gespeichert und k\u00f6nnen bei einem erneuten Besuch der Website abgerufen werden. Wenn Sie dies nicht m\u00f6chten, m\u00fcssen Sie Ihren Internetbrowser so einstellen, dass er Cookies ablehnt.<\/p>\n\n\n\n<p>Ein genereller Widerspruch gegen die Verwendung von Cookies zu Zwecken des Online-Marketings kann f\u00fcr eine Vielzahl von Diensten, insbesondere f\u00fcr das Tracking, \u00fcber die amerikanische Seite http:\/\/www.aboutads.info\/choices\/ oder die europ\u00e4ische Seite http:\/\/www.youronlinechoices.com\/ erkl\u00e4rt werden. Dar\u00fcber hinaus kann die Speicherung von Cookies durch Deaktivierung in den Browsereinstellungen erreicht werden. Bitte beachten Sie, dass in diesem Fall nicht alle Funktionen dieses Online-Angebots genutzt werden k\u00f6nnen.<\/p>\n\n\n<style>.wp-block-kadence-advancedheading.kt-adv-heading787_7c4450-52, .wp-block-kadence-advancedheading.kt-adv-heading787_7c4450-52[data-kb-block=\"kb-adv-heading787_7c4450-52\"]{font-style:normal;}.wp-block-kadence-advancedheading.kt-adv-heading787_7c4450-52 mark.kt-highlight, .wp-block-kadence-advancedheading.kt-adv-heading787_7c4450-52[data-kb-block=\"kb-adv-heading787_7c4450-52\"] mark.kt-highlight{font-style:normal;color:#f76a0c;-webkit-box-decoration-break:clone;box-decoration-break:clone;padding-top:0px;padding-right:0px;padding-bottom:0px;padding-left:0px;}.wp-block-kadence-advancedheading.kt-adv-heading787_7c4450-52 img.kb-inline-image, .wp-block-kadence-advancedheading.kt-adv-heading787_7c4450-52[data-kb-block=\"kb-adv-heading787_7c4450-52\"] img.kb-inline-image{width:150px;vertical-align:baseline;}<\/style>\n<h2 class=\"kt-adv-heading787_7c4450-52 wp-block-kadence-advancedheading\" data-kb-block=\"kb-adv-heading787_7c4450-52\">Mit SSL\/TLS-Verschl\u00fcsselung<\/h2>\n\n\n\n<p>Aus Sicherheitsgr\u00fcnden und zum Schutz der \u00dcbertragung vertraulicher Inhalte, wie z. B. Anfragen, die Sie an uns als Seitenbetreiber senden, verwendet diese Seite eine SSL\/TLS-Verschl\u00fcsselung. Sie erkennen eine verschl\u00fcsselte Verbindung daran, dass die Adresszeile des Browsers von &#8222;http:\/\/&#8220; auf &#8222;https:\/\/&#8220; wechselt und am Schlosssymbol in der Zeile Ihres Browsers.<\/p>\n\n\n\n<p>Wenn die SSL- oder TLS-Verschl\u00fcsselung aktiviert ist, k\u00f6nnen die Daten, die Sie uns \u00fcbermitteln, nicht von Dritten gelesen werden.<\/p>\n\n\n<style>.wp-block-kadence-advancedheading.kt-adv-heading787_09bcc9-60, .wp-block-kadence-advancedheading.kt-adv-heading787_09bcc9-60[data-kb-block=\"kb-adv-heading787_09bcc9-60\"]{font-style:normal;}.wp-block-kadence-advancedheading.kt-adv-heading787_09bcc9-60 mark.kt-highlight, .wp-block-kadence-advancedheading.kt-adv-heading787_09bcc9-60[data-kb-block=\"kb-adv-heading787_09bcc9-60\"] mark.kt-highlight{font-style:normal;color:#f76a0c;-webkit-box-decoration-break:clone;box-decoration-break:clone;padding-top:0px;padding-right:0px;padding-bottom:0px;padding-left:0px;}.wp-block-kadence-advancedheading.kt-adv-heading787_09bcc9-60 img.kb-inline-image, .wp-block-kadence-advancedheading.kt-adv-heading787_09bcc9-60[data-kb-block=\"kb-adv-heading787_09bcc9-60\"] img.kb-inline-image{width:150px;vertical-align:baseline;}<\/style>\n<h2 class=\"kt-adv-heading787_09bcc9-60 wp-block-kadence-advancedheading\" data-kb-block=\"kb-adv-heading787_09bcc9-60\">Logdateien des Servers<\/h2>\n\n\n\n<p>Der Provider dieser Website erhebt und speichert automatisch Informationen in so genannten Server-Log-Dateien, die Ihr Browser automatisch an uns \u00fcbermittelt. Es handelt sich um :<br>Browsertyp und -version<br>Verwendetes Betriebssystem<br>Referrer URL<br>Hostname des Computers, der auf die Website zugreift<br>Uhrzeit der Serveranfrage<\/p>\n\n\n\n<p>Diese Daten k\u00f6nnen nicht bestimmten Personen zugeordnet werden. Eine Zusammenf\u00fchrung dieser Daten mit anderen Datenquellen wird von uns nicht vorgenommen. Wir behalten uns das Recht vor, diese Daten nachtr\u00e4glich zu \u00fcberpr\u00fcfen, wenn uns konkrete Anhaltspunkte f\u00fcr eine rechtswidrige Nutzung bekannt werden.<\/p>\n\n\n<style>.wp-block-kadence-advancedheading.kt-adv-heading787_5e3e06-3c, .wp-block-kadence-advancedheading.kt-adv-heading787_5e3e06-3c[data-kb-block=\"kb-adv-heading787_5e3e06-3c\"]{font-style:normal;}.wp-block-kadence-advancedheading.kt-adv-heading787_5e3e06-3c mark.kt-highlight, .wp-block-kadence-advancedheading.kt-adv-heading787_5e3e06-3c[data-kb-block=\"kb-adv-heading787_5e3e06-3c\"] mark.kt-highlight{font-style:normal;color:#f76a0c;-webkit-box-decoration-break:clone;box-decoration-break:clone;padding-top:0px;padding-right:0px;padding-bottom:0px;padding-left:0px;}.wp-block-kadence-advancedheading.kt-adv-heading787_5e3e06-3c img.kb-inline-image, .wp-block-kadence-advancedheading.kt-adv-heading787_5e3e06-3c[data-kb-block=\"kb-adv-heading787_5e3e06-3c\"] img.kb-inline-image{width:150px;vertical-align:baseline;}<\/style>\n<h2 class=\"kt-adv-heading787_5e3e06-3c wp-block-kadence-advancedheading\" data-kb-block=\"kb-adv-heading787_5e3e06-3c\">Kontaktformular<\/h2>\n\n\n\n<p>Wenn Sie uns per Kontaktformular Anfragen zukommen lassen, werden Ihre Angaben aus dem Anfrageformular inklusive der von Ihnen dort angegebenen Kontaktdaten zwecks Bearbeitung der Anfrage und f\u00fcr den Fall von Anschlussfragen bei uns gespeichert. Wir geben diese Daten nicht ohne Ihre Zustimmung weiter.<\/p>\n\n\n\n<h2 class=\"gb-headline gb-headline-a29af28c gb-headline-text\">Rechte der betroffenen Person<\/h2>\n\n\n<style>.wp-block-kadence-advancedheading.kt-adv-heading787_ae3a05-7d, .wp-block-kadence-advancedheading.kt-adv-heading787_ae3a05-7d[data-kb-block=\"kb-adv-heading787_ae3a05-7d\"]{font-style:normal;}.wp-block-kadence-advancedheading.kt-adv-heading787_ae3a05-7d mark.kt-highlight, .wp-block-kadence-advancedheading.kt-adv-heading787_ae3a05-7d[data-kb-block=\"kb-adv-heading787_ae3a05-7d\"] mark.kt-highlight{font-style:normal;color:#f76a0c;-webkit-box-decoration-break:clone;box-decoration-break:clone;padding-top:0px;padding-right:0px;padding-bottom:0px;padding-left:0px;}.wp-block-kadence-advancedheading.kt-adv-heading787_ae3a05-7d img.kb-inline-image, .wp-block-kadence-advancedheading.kt-adv-heading787_ae3a05-7d[data-kb-block=\"kb-adv-heading787_ae3a05-7d\"] img.kb-inline-image{width:150px;vertical-align:baseline;}<\/style>\n<h3 class=\"kt-adv-heading787_ae3a05-7d wp-block-kadence-advancedheading\" data-kb-block=\"kb-adv-heading787_ae3a05-7d\">Recht auf Best\u00e4tigung<\/h3>\n\n\n\n<p>Jede betroffene Person hat das Recht, vom Betreiber der Website eine Best\u00e4tigung dar\u00fcber zu verlangen, ob sie betreffende personenbezogene Daten verarbeitet werden. Wenn Sie dieses Best\u00e4tigungsrecht aus\u00fcben m\u00f6chten, k\u00f6nnen Sie sich jederzeit an den Datenschutzbeauftragten wenden.<\/p>\n\n\n\n<h3 class=\"gb-headline gb-headline-8d24e732 gb-headline-text\">Recht auf Zugang<\/h3>\n\n\n\n<p>Jede von der Verarbeitung personenbezogener Daten betroffene Person hat das Recht, jederzeit vom Betreiber dieser Website unentgeltlich Auskunft \u00fcber die zu ihrer Person gespeicherten Daten sowie eine Kopie dieser Auskunft zu erhalten. Dar\u00fcber hinaus k\u00f6nnen gegebenenfalls Informationen zu folgenden Punkten bereitgestellt werden:<br>die Zwecke der Verarbeitung<br>die Kategorien der verarbeiteten personenbezogenen Daten<br>die Empf\u00e4nger, an die die personenbezogenen Daten weitergegeben wurden oder werden<br>wenn m\u00f6glich, die geplante Dauer der Speicherung personenbezogener Daten oder, falls dies nicht m\u00f6glich ist, die Kriterien f\u00fcr die Bestimmung dieser Dauer<br>das Bestehen eines Rechts auf Berichtigung oder L\u00f6schung der sie betreffenden personenbezogenen Daten oder eines Rechts auf Einschr\u00e4nkung der Verarbeitung durch den f\u00fcr die Verarbeitung Verantwortlichen oder eines Rechts auf Widerspruch gegen eine solche Verarbeitung<br>das Bestehen eines Beschwerderechts bei einer Kontrollbeh\u00f6rde<br>wenn die personenbezogenen Daten nicht bei der betroffenen Person erhoben werden: alle verf\u00fcgbaren Informationen \u00fcber die Herkunft der Daten.<br>Dar\u00fcber hinaus hat die betroffene Person das Recht, dar\u00fcber informiert zu werden, ob personenbezogene Daten an ein Drittland oder eine internationale Organisation \u00fcbermittelt wurden. Ist dies der Fall, hat die betroffene Person au\u00dferdem das Recht, \u00fcber die geeigneten Garantien im Zusammenhang mit der \u00dcbermittlung informiert zu werden.<br>Wenn Sie von diesem Auskunftsrecht Gebrauch machen wollen, k\u00f6nnen Sie sich jederzeit an unseren Datenschutzbeauftragten wenden.<\/p>\n\n\n<style>.wp-block-kadence-advancedheading.kt-adv-heading787_11d3e4-99, .wp-block-kadence-advancedheading.kt-adv-heading787_11d3e4-99[data-kb-block=\"kb-adv-heading787_11d3e4-99\"]{font-style:normal;}.wp-block-kadence-advancedheading.kt-adv-heading787_11d3e4-99 mark.kt-highlight, .wp-block-kadence-advancedheading.kt-adv-heading787_11d3e4-99[data-kb-block=\"kb-adv-heading787_11d3e4-99\"] mark.kt-highlight{font-style:normal;color:#f76a0c;-webkit-box-decoration-break:clone;box-decoration-break:clone;padding-top:0px;padding-right:0px;padding-bottom:0px;padding-left:0px;}.wp-block-kadence-advancedheading.kt-adv-heading787_11d3e4-99 img.kb-inline-image, .wp-block-kadence-advancedheading.kt-adv-heading787_11d3e4-99[data-kb-block=\"kb-adv-heading787_11d3e4-99\"] img.kb-inline-image{width:150px;vertical-align:baseline;}<\/style>\n<h3 class=\"kt-adv-heading787_11d3e4-99 wp-block-kadence-advancedheading\" data-kb-block=\"kb-adv-heading787_11d3e4-99\">Recht auf Berichtigung<\/h3>\n\n\n\n<p>Jede von der Verarbeitung personenbezogener Daten betroffene Person hat das Recht, die unverz\u00fcgliche Berichtigung der sie betreffenden unrichtigen personenbezogenen Daten zu verlangen. Dar\u00fcber hinaus hat die betroffene Person das Recht, unter Ber\u00fccksichtigung der Zwecke der Verarbeitung zu verlangen, dass unvollst\u00e4ndige personenbezogene Daten vervollst\u00e4ndigt werden, auch mittels einer erg\u00e4nzenden Erkl\u00e4rung.<br>Wenn Sie dieses Recht auf Berichtigung aus\u00fcben m\u00f6chten, k\u00f6nnen Sie sich jederzeit an unseren Datenschutzbeauftragten wenden.<\/p>\n\n\n<style>.wp-block-kadence-advancedheading.kt-adv-heading787_9274cd-45, .wp-block-kadence-advancedheading.kt-adv-heading787_9274cd-45[data-kb-block=\"kb-adv-heading787_9274cd-45\"]{font-style:normal;}.wp-block-kadence-advancedheading.kt-adv-heading787_9274cd-45 mark.kt-highlight, .wp-block-kadence-advancedheading.kt-adv-heading787_9274cd-45[data-kb-block=\"kb-adv-heading787_9274cd-45\"] mark.kt-highlight{font-style:normal;color:#f76a0c;-webkit-box-decoration-break:clone;box-decoration-break:clone;padding-top:0px;padding-right:0px;padding-bottom:0px;padding-left:0px;}.wp-block-kadence-advancedheading.kt-adv-heading787_9274cd-45 img.kb-inline-image, .wp-block-kadence-advancedheading.kt-adv-heading787_9274cd-45[data-kb-block=\"kb-adv-heading787_9274cd-45\"] img.kb-inline-image{width:150px;vertical-align:baseline;}<\/style>\n<h3 class=\"kt-adv-heading787_9274cd-45 wp-block-kadence-advancedheading\" data-kb-block=\"kb-adv-heading787_9274cd-45\">Recht auf L\u00f6schung (Recht auf Vergessenwerden)<\/h3>\n\n\n\n<p>Jede von der Verarbeitung personenbezogener Daten betroffene Person hat das Recht, von dem f\u00fcr die Verarbeitung dieser Website Verantwortlichen zu verlangen, dass die sie betreffenden personenbezogenen Daten unverz\u00fcglich gel\u00f6scht werden, sofern einer der folgenden Gr\u00fcnde zutrifft und die Verarbeitung nicht mehr erforderlich ist:<br>Personenbezogene Daten wurden f\u00fcr Zwecke erhoben oder auf andere Weise verarbeitet, f\u00fcr die sie nicht mehr erforderlich sind.<br>Die betroffene Person widerruft die Einwilligung, auf die sich die Verarbeitung st\u00fctzte, und es gibt keine andere Rechtsgrundlage f\u00fcr die Verarbeitung.<br>Die betroffene Person lehnt die Verarbeitung aus Gr\u00fcnden ab, die sich aus ihrer besonderen Situation ergeben, und es bestehen keine \u00fcberwiegenden berechtigten Gr\u00fcnde f\u00fcr die Verarbeitung, oder die betroffene Person lehnt die Verarbeitung im Falle von Direktwerbung und damit verbundenem Profiling ab.<br>die personenbezogenen Daten unrechtm\u00e4\u00dfig verarbeitet wurden<br>Die L\u00f6schung personenbezogener Daten ist erforderlich, um einer rechtlichen Verpflichtung nach dem Unionsrecht oder dem Recht der Mitgliedstaaten nachzukommen, dem der f\u00fcr die Verarbeitung Verantwortliche unterliegt.<br>Die personenbezogenen Daten wurden im Zusammenhang mit Diensten der Informationsgesellschaft erhoben, die einem Kind angeboten werden und direkt an dieses gerichtet sind.<br>Wenn einer der oben genannten Gr\u00fcnde zutrifft und Sie die L\u00f6schung der vom Betreiber dieser Website gespeicherten personenbezogenen Daten w\u00fcnschen, k\u00f6nnen Sie sich jederzeit an unseren Datenschutzbeauftragten wenden. Der Datenschutzbeauftragte dieser Website wird daf\u00fcr Sorge tragen, dass dem L\u00f6schungsantrag unverz\u00fcglich nachgekommen wird.<\/p>\n\n\n<style>.wp-block-kadence-advancedheading.kt-adv-heading787_ef8280-09, .wp-block-kadence-advancedheading.kt-adv-heading787_ef8280-09[data-kb-block=\"kb-adv-heading787_ef8280-09\"]{font-style:normal;}.wp-block-kadence-advancedheading.kt-adv-heading787_ef8280-09 mark.kt-highlight, .wp-block-kadence-advancedheading.kt-adv-heading787_ef8280-09[data-kb-block=\"kb-adv-heading787_ef8280-09\"] mark.kt-highlight{font-style:normal;color:#f76a0c;-webkit-box-decoration-break:clone;box-decoration-break:clone;padding-top:0px;padding-right:0px;padding-bottom:0px;padding-left:0px;}.wp-block-kadence-advancedheading.kt-adv-heading787_ef8280-09 img.kb-inline-image, .wp-block-kadence-advancedheading.kt-adv-heading787_ef8280-09[data-kb-block=\"kb-adv-heading787_ef8280-09\"] img.kb-inline-image{width:150px;vertical-align:baseline;}<\/style>\n<h3 class=\"kt-adv-heading787_ef8280-09 wp-block-kadence-advancedheading\" data-kb-block=\"kb-adv-heading787_ef8280-09\">Recht auf Einschr\u00e4nkung der Verarbeitung<\/h3>\n\n\n\n<p>Jede von der Verarbeitung personenbezogener Daten betroffene Person hat das Recht, von dem f\u00fcr die Verarbeitung dieser Website Verantwortlichen eine Einschr\u00e4nkung der Verarbeitung zu verlangen, wenn eine der folgenden Bedingungen erf\u00fcllt ist:<br>Die Richtigkeit der personenbezogenen Daten wird von der betroffenen Person bestritten, und zwar f\u00fcr einen Zeitraum, der es dem f\u00fcr die Verarbeitung Verantwortlichen erm\u00f6glicht, die Richtigkeit der personenbezogenen Daten zu \u00fcberpr\u00fcfen.<br>Die Verarbeitung ist unrechtm\u00e4\u00dfig, die betroffene Person widersetzt sich der L\u00f6schung der personenbezogenen Daten und verlangt stattdessen die Einschr\u00e4nkung der Nutzung der personenbezogenen Daten.<br>Der f\u00fcr die Verarbeitung Verantwortliche ben\u00f6tigt die personenbezogenen Daten nicht mehr f\u00fcr die Zwecke der Verarbeitung. Die betroffene Person ben\u00f6tigt sie jedoch, um sie geltend zu machen, die betroffene Person hat aus Gr\u00fcnden, die sich aus ihrer besonderen Situation ergeben, Widerspruch gegen die Verarbeitung eingelegt, und es steht noch nicht fest, ob die berechtigten Interessen des f\u00fcr die Verarbeitung Verantwortlichen gegen\u00fcber denen der betroffenen Person \u00fcberwiegen.<br>Sofern eine der oben genannten Voraussetzungen gegeben ist, k\u00f6nnen Sie sich jederzeit an unseren Datenschutzbeauftragten wenden und die Einschr\u00e4nkung der Verarbeitung Ihrer personenbezogenen Daten durch den Betreiber dieser Website verlangen. Der Datenschutzbeauftragte dieser Website wird die Einschr\u00e4nkung der Verarbeitung veranlassen.<\/p>\n\n\n<style>.wp-block-kadence-advancedheading.kt-adv-heading787_fc49c4-0f, .wp-block-kadence-advancedheading.kt-adv-heading787_fc49c4-0f[data-kb-block=\"kb-adv-heading787_fc49c4-0f\"]{font-style:normal;}.wp-block-kadence-advancedheading.kt-adv-heading787_fc49c4-0f mark.kt-highlight, .wp-block-kadence-advancedheading.kt-adv-heading787_fc49c4-0f[data-kb-block=\"kb-adv-heading787_fc49c4-0f\"] mark.kt-highlight{font-style:normal;color:#f76a0c;-webkit-box-decoration-break:clone;box-decoration-break:clone;padding-top:0px;padding-right:0px;padding-bottom:0px;padding-left:0px;}.wp-block-kadence-advancedheading.kt-adv-heading787_fc49c4-0f img.kb-inline-image, .wp-block-kadence-advancedheading.kt-adv-heading787_fc49c4-0f[data-kb-block=\"kb-adv-heading787_fc49c4-0f\"] img.kb-inline-image{width:150px;vertical-align:baseline;}<\/style>\n<h3 class=\"kt-adv-heading787_fc49c4-0f wp-block-kadence-advancedheading\" data-kb-block=\"kb-adv-heading787_fc49c4-0f\">Recht auf Daten\u00fcbertragbarkeit<\/h3>\n\n\n\n<p>Jede von der Verarbeitung personenbezogener Daten betroffene Person hat das Recht, die sie betreffenden personenbezogenen Daten in einem strukturierten, g\u00e4ngigen und maschinenlesbaren Format zu erhalten. Dar\u00fcber hinaus hat die betroffene Person das Recht zu verlangen, dass personenbezogene Daten direkt von einem f\u00fcr die Verarbeitung Verantwortlichen an einen anderen \u00fcbermittelt werden, wenn dies technisch machbar ist und sofern hierdurch nicht die Rechte und Freiheiten anderer Personen beeintr\u00e4chtigt werden.<br>Um Ihr Recht auf Daten\u00fcbertragbarkeit geltend zu machen, k\u00f6nnen Sie sich jederzeit an den vom Betreiber dieser Website bestellten Datenschutzbeauftragten wenden.<\/p>\n\n\n<style>.wp-block-kadence-advancedheading.kt-adv-heading787_7b84c4-31, .wp-block-kadence-advancedheading.kt-adv-heading787_7b84c4-31[data-kb-block=\"kb-adv-heading787_7b84c4-31\"]{font-style:normal;}.wp-block-kadence-advancedheading.kt-adv-heading787_7b84c4-31 mark.kt-highlight, .wp-block-kadence-advancedheading.kt-adv-heading787_7b84c4-31[data-kb-block=\"kb-adv-heading787_7b84c4-31\"] mark.kt-highlight{font-style:normal;color:#f76a0c;-webkit-box-decoration-break:clone;box-decoration-break:clone;padding-top:0px;padding-right:0px;padding-bottom:0px;padding-left:0px;}.wp-block-kadence-advancedheading.kt-adv-heading787_7b84c4-31 img.kb-inline-image, .wp-block-kadence-advancedheading.kt-adv-heading787_7b84c4-31[data-kb-block=\"kb-adv-heading787_7b84c4-31\"] img.kb-inline-image{width:150px;vertical-align:baseline;}<\/style>\n<h2 class=\"kt-adv-heading787_7b84c4-31 wp-block-kadence-advancedheading\" data-kb-block=\"kb-adv-heading787_7b84c4-31\">Ein Widerspruchsrecht<\/h2>\n\n\n\n<p>Jede von der Verarbeitung personenbezogener Daten betroffene Person hat das Recht, aus Gr\u00fcnden, die sich aus ihrer besonderen Situation ergeben, jederzeit gegen die Verarbeitung der sie betreffenden personenbezogenen Daten Widerspruch einzulegen.<br>Der Betreiber dieser Website verarbeitet die personenbezogenen Daten im Falle des Widerspruchs nicht mehr, es sei denn, wir k\u00f6nnen zwingende schutzw\u00fcrdige Gr\u00fcnde f\u00fcr die Verarbeitung nachweisen, die den Interessen, Rechten und Freiheiten der betroffenen Person \u00fcberwiegen, oder die Verarbeitung dient der Geltendmachung, Aus\u00fcbung oder Verteidigung von Rechtsanspr\u00fcchen.<br>Um von Ihrem Widerspruchsrecht Gebrauch zu machen, k\u00f6nnen Sie sich direkt an den Datenschutzbeauftragten dieser Website wenden.<br>Recht auf Widerruf einer datenschutzrechtlichen Einwilligung<br>Jede von der Verarbeitung personenbezogener Daten betroffene Person hat das Recht, eine von ihr erteilte Einwilligung zur Verarbeitung personenbezogener Daten jederzeit zu widerrufen.<br>Wenn Sie von Ihrem Recht auf Widerruf einer Einwilligung Gebrauch machen wollen, k\u00f6nnen Sie sich jederzeit an unseren Datenschutzbeauftragten wenden.<\/p>\n\n\n<style>.wp-block-kadence-advancedheading.kt-adv-heading787_1229f3-3c, .wp-block-kadence-advancedheading.kt-adv-heading787_1229f3-3c[data-kb-block=\"kb-adv-heading787_1229f3-3c\"]{font-style:normal;}.wp-block-kadence-advancedheading.kt-adv-heading787_1229f3-3c mark.kt-highlight, .wp-block-kadence-advancedheading.kt-adv-heading787_1229f3-3c[data-kb-block=\"kb-adv-heading787_1229f3-3c\"] mark.kt-highlight{font-style:normal;color:#f76a0c;-webkit-box-decoration-break:clone;box-decoration-break:clone;padding-top:0px;padding-right:0px;padding-bottom:0px;padding-left:0px;}.wp-block-kadence-advancedheading.kt-adv-heading787_1229f3-3c img.kb-inline-image, .wp-block-kadence-advancedheading.kt-adv-heading787_1229f3-3c[data-kb-block=\"kb-adv-heading787_1229f3-3c\"] img.kb-inline-image{width:150px;vertical-align:baseline;}<\/style>\n<h2 class=\"kt-adv-heading787_1229f3-3c wp-block-kadence-advancedheading\" data-kb-block=\"kb-adv-heading787_1229f3-3c\">Urheberrechte<\/h2>\n\n\n\n<p>Das Urheberrecht und alle anderen Rechte an den Inhalten, Bildern, Fotos oder anderen Dateien auf dieser Website geh\u00f6ren ausschlie\u00dflich dem Betreiber dieser Website oder den namentlich genannten Rechteinhabern. F\u00fcr die Vervielf\u00e4ltigung aller Dateien muss vorab die schriftliche Genehmigung der Urheberrechtsinhaber eingeholt werden.<br>Wer ohne die Zustimmung der jeweiligen Urheberrechtsinhaber eine Urheberrechtsverletzung begeht, kann bestraft werden und unter bestimmten Umst\u00e4nden Schadensersatzanspr\u00fcche geltend machen.<\/p>\n\n\n<style>.wp-block-kadence-advancedheading.kt-adv-heading787_9af739-9e, .wp-block-kadence-advancedheading.kt-adv-heading787_9af739-9e[data-kb-block=\"kb-adv-heading787_9af739-9e\"]{font-style:normal;}.wp-block-kadence-advancedheading.kt-adv-heading787_9af739-9e mark.kt-highlight, .wp-block-kadence-advancedheading.kt-adv-heading787_9af739-9e[data-kb-block=\"kb-adv-heading787_9af739-9e\"] mark.kt-highlight{font-style:normal;color:#f76a0c;-webkit-box-decoration-break:clone;box-decoration-break:clone;padding-top:0px;padding-right:0px;padding-bottom:0px;padding-left:0px;}.wp-block-kadence-advancedheading.kt-adv-heading787_9af739-9e img.kb-inline-image, .wp-block-kadence-advancedheading.kt-adv-heading787_9af739-9e[data-kb-block=\"kb-adv-heading787_9af739-9e\"] img.kb-inline-image{width:150px;vertical-align:baseline;}<\/style>\n<h2 class=\"kt-adv-heading787_9af739-9e wp-block-kadence-advancedheading\" data-kb-block=\"kb-adv-heading787_9af739-9e\">Haftungsausschluss<\/h2>\n\n\n\n<p>Alle Informationen auf unserer Website wurden sorgf\u00e4ltig gepr\u00fcft. Wir bem\u00fchen uns, daf\u00fcr zu sorgen, dass die von uns bereitgestellten Informationen aktuell, korrekt und vollst\u00e4ndig sind. Dennoch kann das Auftreten von Fehlern nicht v\u00f6llig ausgeschlossen werden, so dass wir keine Gew\u00e4hr f\u00fcr die Vollst\u00e4ndigkeit, Richtigkeit und Aktualit\u00e4t der Informationen \u00fcbernehmen k\u00f6nnen, auch nicht f\u00fcr solche journalistisch-redaktioneller Art. Haftungsanspr\u00fcche, die sich auf Sch\u00e4den materieller oder ideeller Art beziehen, welche durch die Nutzung oder Nichtnutzung der dargebotenen Informationen bzw. durch die Nutzung fehlerhafter und unvollst\u00e4ndiger Informationen verursacht wurden, sind grunds\u00e4tzlich ausgeschlossen.<br>Der Herausgeber kann Texte nach eigenem Ermessen und ohne vorherige Ank\u00fcndigung \u00e4ndern oder entfernen und ist nicht verpflichtet, den Inhalt dieser Website zu aktualisieren. Die Nutzung dieser Website oder der Zugang zu ihr erfolgt auf eigene Gefahr. Der Herausgeber, seine Kunden oder Partner haften nicht f\u00fcr Sch\u00e4den, wie direkte, indirekte, zuf\u00e4llige oder Folgesch\u00e4den, die angeblich durch den Besuch dieser Website verursacht wurden, und \u00fcbernehmen daher keine Verantwortung f\u00fcr solche Sch\u00e4den.<br>Der Herausgeber \u00fcbernimmt auch keine Verantwortung oder Haftung f\u00fcr den Inhalt und die Verf\u00fcgbarkeit von Webseiten Dritter, die \u00fcber externe Links von dieser Webseite aus zug\u00e4nglich sind. F\u00fcr den Inhalt dieser Seiten sind ausschlie\u00dflich deren Betreiber verantwortlich. Der Herausgeber distanziert sich daher ausdr\u00fccklich von allen fremden Inhalten, die m\u00f6glicherweise straf- oder haftungsrechtlich relevant sein k\u00f6nnten oder gegen die guten Sitten versto\u00dfen.<\/p>\n\n\n<style>.wp-block-kadence-advancedheading.kt-adv-heading787_995d31-c0, .wp-block-kadence-advancedheading.kt-adv-heading787_995d31-c0[data-kb-block=\"kb-adv-heading787_995d31-c0\"]{font-style:normal;}.wp-block-kadence-advancedheading.kt-adv-heading787_995d31-c0 mark.kt-highlight, .wp-block-kadence-advancedheading.kt-adv-heading787_995d31-c0[data-kb-block=\"kb-adv-heading787_995d31-c0\"] mark.kt-highlight{font-style:normal;color:#f76a0c;-webkit-box-decoration-break:clone;box-decoration-break:clone;padding-top:0px;padding-right:0px;padding-bottom:0px;padding-left:0px;}.wp-block-kadence-advancedheading.kt-adv-heading787_995d31-c0 img.kb-inline-image, .wp-block-kadence-advancedheading.kt-adv-heading787_995d31-c0[data-kb-block=\"kb-adv-heading787_995d31-c0\"] img.kb-inline-image{width:150px;vertical-align:baseline;}<\/style>\n<h2 class=\"kt-adv-heading787_995d31-c0 wp-block-kadence-advancedheading\" data-kb-block=\"kb-adv-heading787_995d31-c0\">Externe Zahlungsanbieter<\/h2>\n\n\n\n<p>Diese Website greift auf externe Zahlungsdienstleister zur\u00fcck, \u00fcber deren Plattformen wir und unsere Nutzer Zahlungsvorg\u00e4nge abwickeln k\u00f6nnen. Zum Beispiel \u00fcber<br>PostFinance (https:\/\/www.postfinance.ch\/de\/detail\/rechtliches-barrierefreiheit.html)<br>Visum (https:\/\/www.visa.de\/nutzungsbedingungen\/visa-privacy-center.html)<br>Mastercard (https:\/\/www.mastercard.ch\/de-ch\/datenschutz.html)<br>American Express (https:\/\/www.americanexpress.com\/de\/legal\/online-datenschutzerklarung.html)<br>Paypal (https:\/\/www.paypal.com\/de\/webapps\/mpp\/ua\/privacy-full)<br>Bexio AG (https:\/\/www.bexio.com\/de-CH\/datenschutz)<br>Payrexx AG (https:\/\/www.payrexx. ch\/site\/assets\/files\/2592\/datenschutzerklaerung.pdf)<br>Apple Pay (https:\/\/support.apple.com\/de-ch\/ht203027)<br>Stripe (https:\/\/stripe.com\/ch\/privacy)<br>Klarna (https:\/\/www.klarna.com\/de\/datenschutz\/)<br>Skrill (https:\/\/www.skrill.com\/de\/fusszeile\/datenschutzrichtlinie\/)<br>Giropay (https:\/\/www.giropay.de\/rechtliches\/datenschutzerklaerung) usw.<br>Im Rahmen der Vertragserf\u00fcllung setzen wir Zahlungsdienstleister auf der Grundlage der Schweizer Datenschutzverordnung und, soweit erforderlich, Art. 6 Abs. 1 Buchst. b. EU-DSGVO. Dar\u00fcber hinaus setzen wir externe Zahlungsdienstleister auf der Grundlage unserer berechtigten Interessen gem\u00e4\u00df der Schweizer Datenschutzverordnung und, soweit erforderlich, gem\u00e4\u00df Art. 6 Abs. 1 lit. f. EU-DSGVO, um unseren Nutzern effiziente und sichere Zahlungsm\u00f6glichkeiten zu bieten.<br>Zu den von Zahlungsdienstleistern verarbeiteten Daten geh\u00f6ren u. a. Bestandsdaten wie Name und Adresse, Bankdaten wie Konto- oder Kreditkartennummern, Passw\u00f6rter, TAN-Nummern und Pr\u00fcfsummen sowie Informationen \u00fcber den Vertrag, den Betrag und den Empf\u00e4nger. Diese Informationen sind f\u00fcr die Durchf\u00fchrung von Transaktionen erforderlich. Die eingegebenen Daten werden jedoch nur von den Zahlungsdienstleistern verarbeitet und bei ihnen gespeichert. Als Betreiber erhalten wir keine Informationen \u00fcber das (Bank-)Konto oder die Kreditkarte, sondern nur Informationen, die es uns erm\u00f6glichen, die Zahlung zu best\u00e4tigen (anzunehmen) oder abzulehnen. Unter bestimmten Umst\u00e4nden werden die Daten von den Zahlungsdienstleistern an Kreditauskunfteien weitergeleitet. Der Zweck dieser \u00dcbermittlung ist die \u00dcberpr\u00fcfung der Identit\u00e4t und der Kreditw\u00fcrdigkeit. In diesem Zusammenhang verweisen wir auf die Allgemeinen Gesch\u00e4ftsbedingungen und die Datenschutzinformationen der Zahlungsdienstleister.<br>F\u00fcr Zahlungsvorg\u00e4nge gelten die Allgemeinen Gesch\u00e4ftsbedingungen und die Datenschutzerkl\u00e4rung der jeweiligen Zahlungsdienstleister, die auf der entsprechenden Webseite oder in den Transaktionsanwendungen eingesehen werden k\u00f6nnen. Wir verweisen auch auf sie zum Zwecke der weiteren Information und der Aus\u00fcbung der Rechte auf Widerruf, Information und anderer Rechte der betroffenen Personen.<\/p>\n\n\n<style>.wp-block-kadence-advancedheading.kt-adv-heading787_248931-1d, .wp-block-kadence-advancedheading.kt-adv-heading787_248931-1d[data-kb-block=\"kb-adv-heading787_248931-1d\"]{font-style:normal;}.wp-block-kadence-advancedheading.kt-adv-heading787_248931-1d mark.kt-highlight, .wp-block-kadence-advancedheading.kt-adv-heading787_248931-1d[data-kb-block=\"kb-adv-heading787_248931-1d\"] mark.kt-highlight{font-style:normal;color:#f76a0c;-webkit-box-decoration-break:clone;box-decoration-break:clone;padding-top:0px;padding-right:0px;padding-bottom:0px;padding-left:0px;}.wp-block-kadence-advancedheading.kt-adv-heading787_248931-1d img.kb-inline-image, .wp-block-kadence-advancedheading.kt-adv-heading787_248931-1d[data-kb-block=\"kb-adv-heading787_248931-1d\"] img.kb-inline-image{width:150px;vertical-align:baseline;}<\/style>\n<h2 class=\"kt-adv-heading787_248931-1d wp-block-kadence-advancedheading\" data-kb-block=\"kb-adv-heading787_248931-1d\">FIBU-Verwaltung usw.<\/h2>\n\n\n\n<p>Wir verarbeiten Daten in \u00dcbereinstimmung mit den gesetzlichen Datenschutzbestimmungen der Schweizerischen Eidgenossenschaft (Bundesgesetz \u00fcber den Datenschutz, DSG) und der EU-DSGVO im Rahmen von Verwaltungsaufgaben sowie unserer Unternehmensorganisation, der Finanzbuchhaltung und der Erf\u00fcllung gesetzlicher Verpflichtungen, wie z.B. der Archivierung. Dabei verarbeiten wir dieselben Daten, die wir auch im Rahmen der Erbringung unserer vertraglichen Leistungen verarbeiten. Die Grundlagen f\u00fcr die Behandlung sind Art. 13 Abs. 1 DSG, Art. 6 Abs. 1 lit. c. DSGVO, Art. 6 Abs. 1 lit. f. DSGVO. Kunden, Interessenten, Gesch\u00e4ftspartner und Besucher der Website sind von der Verarbeitung betroffen. Der Zweck und das Interesse unserer Verarbeitung liegen in der Verwaltung, der Finanzbuchhaltung, der B\u00fcroorganisation und der Archivierung von Daten, d. h. in Aufgaben, die der Aufrechterhaltung unserer Gesch\u00e4ftst\u00e4tigkeit, der Erf\u00fcllung unserer Aufgaben und der Erbringung unserer Dienstleistungen dienen. Die L\u00f6schung von Daten im Hinblick auf vertragliche Leistungen und vertragliche Mitteilungen entspricht den Daten, die in diesen Verarbeitungst\u00e4tigkeiten genannt werden.<\/p>\n\n\n\n<p>In diesem Zusammenhang legen wir Daten gegen\u00fcber Finanzbeh\u00f6rden, Beratern wie Steuerberatern oder Wirtschaftspr\u00fcfern sowie anderen Honorarstellen und Zahlungsdienstleistern offen oder \u00fcbermitteln sie an diese.<\/p>\n\n\n\n<p>Dar\u00fcber hinaus speichern wir aufgrund unserer Gesch\u00e4ftsinteressen Informationen \u00fcber Lieferanten, Veranstalter und andere Gesch\u00e4ftspartner, z. B. um sie sp\u00e4ter zu kontaktieren. Diese zumeist unternehmensbezogenen Daten werden in der Regel dauerhaft gespeichert.<\/p>\n\n\n<style>.wp-block-kadence-advancedheading.kt-adv-heading787_720266-25, .wp-block-kadence-advancedheading.kt-adv-heading787_720266-25[data-kb-block=\"kb-adv-heading787_720266-25\"]{font-style:normal;}.wp-block-kadence-advancedheading.kt-adv-heading787_720266-25 mark.kt-highlight, .wp-block-kadence-advancedheading.kt-adv-heading787_720266-25[data-kb-block=\"kb-adv-heading787_720266-25\"] mark.kt-highlight{font-style:normal;color:#f76a0c;-webkit-box-decoration-break:clone;box-decoration-break:clone;padding-top:0px;padding-right:0px;padding-bottom:0px;padding-left:0px;}.wp-block-kadence-advancedheading.kt-adv-heading787_720266-25 img.kb-inline-image, .wp-block-kadence-advancedheading.kt-adv-heading787_720266-25[data-kb-block=\"kb-adv-heading787_720266-25\"] img.kb-inline-image{width:150px;vertical-align:baseline;}<\/style>\n<h2 class=\"kt-adv-heading787_720266-25 wp-block-kadence-advancedheading\" data-kb-block=\"kb-adv-heading787_720266-25\">\u00c4nderungen<\/h2>\n\n\n\n<p>Wir k\u00f6nnen diese Datenschutzrichtlinie jederzeit und ohne Vorank\u00fcndigung \u00e4ndern. Die aktuelle, auf unserer Website ver\u00f6ffentlichte Version ist ma\u00dfgeblich. Wenn die Datenschutzrichtlinie Teil einer Vereinbarung mit Ihnen ist, werden wir Sie im Falle einer Aktualisierung per E-Mail oder auf andere geeignete Weise \u00fcber die \u00c4nderung informieren.<\/p>\n\n\n<style>.wp-block-kadence-advancedheading.kt-adv-heading787_4dec65-cb, .wp-block-kadence-advancedheading.kt-adv-heading787_4dec65-cb[data-kb-block=\"kb-adv-heading787_4dec65-cb\"]{font-style:normal;}.wp-block-kadence-advancedheading.kt-adv-heading787_4dec65-cb mark.kt-highlight, .wp-block-kadence-advancedheading.kt-adv-heading787_4dec65-cb[data-kb-block=\"kb-adv-heading787_4dec65-cb\"] mark.kt-highlight{font-style:normal;color:#f76a0c;-webkit-box-decoration-break:clone;box-decoration-break:clone;padding-top:0px;padding-right:0px;padding-bottom:0px;padding-left:0px;}.wp-block-kadence-advancedheading.kt-adv-heading787_4dec65-cb img.kb-inline-image, .wp-block-kadence-advancedheading.kt-adv-heading787_4dec65-cb[data-kb-block=\"kb-adv-heading787_4dec65-cb\"] img.kb-inline-image{width:150px;vertical-align:baseline;}<\/style>\n<h2 class=\"kt-adv-heading787_4dec65-cb wp-block-kadence-advancedheading\" data-kb-block=\"kb-adv-heading787_4dec65-cb\">Haftungsausschluss<\/h2>\n\n\n\n<p>Der Autor \u00fcbernimmt keine Gew\u00e4hr f\u00fcr die Richtigkeit, Genauigkeit, Aktualit\u00e4t, Zuverl\u00e4ssigkeit und Vollst\u00e4ndigkeit der Informationen.<br>Der Autor haftet nicht f\u00fcr materielle oder immaterielle Sch\u00e4den, die durch den Zugang zu den verbreiteten Informationen oder deren Nutzung oder Nichtnutzung, durch den Missbrauch der Verbindung oder durch technische Probleme entstehen k\u00f6nnten.<\/p>\n\n\n\n<p>Alle Angebote sind unverbindlich. Der Autor beh\u00e4lt es sich ausdr\u00fccklich vor, Teile der Seiten oder das gesamte Angebot ohne gesonderte Ank\u00fcndigung zu ver\u00e4ndern, zu erg\u00e4nzen, zu l\u00f6schen oder die Ver\u00f6ffentlichung zeitweise oder unwiderruflich einzustellen.<\/p>\n<\/div><\/div>\n","protected":false},"excerpt":{"rendered":"<p>Datenschutzerkl\u00e4rung Brasserie la Marmotte SARoute des Sommets de Crans 13963 Crans-MontanaSchweizE-Mail: cransmontana@brasserie-la-marmotte.ch Personen, die befugt sind, den Verein zu vertretenYves Klinger Name des Unternehmens: Brasserie la Marmotte SA Datenschutzbeauftragte Person :Yves Klinger+41 27 481 34 14cransmontana@brasserie-la-marmotte.ch Unsere Filialen und Marken Unsere Webseiten Allgemeines\/Einf\u00fchrung Gem\u00e4\u00df Artikel 13 der Schweizer Bundesverfassung und den eidgen\u00f6ssischen Bestimmungen zum Datenschutz&#8230;<\/p>\n","protected":false},"author":1,"featured_media":0,"parent":0,"menu_order":0,"comment_status":"closed","ping_status":"closed","template":"","meta":{"_acf_changed":false,"_kad_blocks_custom_css":"","_kad_blocks_head_custom_js":"","_kad_blocks_body_custom_js":"","_kad_blocks_footer_custom_js":"","_kad_post_transparent":"","_kad_post_title":"","_kad_post_layout":"","_kad_post_sidebar_id":"","_kad_post_content_style":"","_kad_post_vertical_padding":"","_kad_post_feature":"","_kad_post_feature_position":"","_kad_post_header":false,"_kad_post_footer":false,"footnotes":""},"class_list":["post-787","page","type-page","status-publish","hentry"],"acf":[],"taxonomy_info":[],"featured_image_src_large":false,"author_info":{"display_name":"admin","author_link":"https:\/\/shop.marmotte.ch\/de\/author\/marcelheinigergmail-com\/"},"comment_info":0,"_links":{"self":[{"href":"https:\/\/shop.marmotte.ch\/de\/wp-json\/wp\/v2\/pages\/787","targetHints":{"allow":["GET"]}}],"collection":[{"href":"https:\/\/shop.marmotte.ch\/de\/wp-json\/wp\/v2\/pages"}],"about":[{"href":"https:\/\/shop.marmotte.ch\/de\/wp-json\/wp\/v2\/types\/page"}],"author":[{"embeddable":true,"href":"https:\/\/shop.marmotte.ch\/de\/wp-json\/wp\/v2\/users\/1"}],"replies":[{"embeddable":true,"href":"https:\/\/shop.marmotte.ch\/de\/wp-json\/wp\/v2\/comments?post=787"}],"version-history":[{"count":5,"href":"https:\/\/shop.marmotte.ch\/de\/wp-json\/wp\/v2\/pages\/787\/revisions"}],"predecessor-version":[{"id":1036,"href":"https:\/\/shop.marmotte.ch\/de\/wp-json\/wp\/v2\/pages\/787\/revisions\/1036"}],"wp:attachment":[{"href":"https:\/\/shop.marmotte.ch\/de\/wp-json\/wp\/v2\/media?parent=787"}],"curies":[{"name":"wp","href":"https:\/\/api.w.org\/{rel}","templated":true}]}}